{"id":1441,"date":"2026-04-30T03:36:59","date_gmt":"2026-04-30T03:36:59","guid":{"rendered":"https:\/\/thomasbremser.de\/?page_id=1441"},"modified":"2026-04-30T11:19:08","modified_gmt":"2026-04-30T11:19:08","slug":"sonnenchor-caritas-oberhausen","status":"publish","type":"page","link":"https:\/\/thomasbremser.de\/?page_id=1441","title":{"rendered":"Sonnenchor Caritas Oberhausen"},"content":{"rendered":"\n<p><a href=\"https:\/\/youtu.be\/1pGiyZivijA\">https:\/\/youtu.be\/1pGiyZivijA<\/a><\/p>\n\n\n\n<figure class=\"wp-block-image size-full is-resized\"><img data-recalc-dims=\"1\" loading=\"lazy\" decoding=\"async\" width=\"525\" height=\"700\" src=\"https:\/\/i0.wp.com\/thomasbremser.de\/wp-content\/uploads\/2026\/04\/IMG_6920-1.jpeg?resize=525%2C700&#038;ssl=1\" alt=\"\" class=\"wp-image-1454\" style=\"width:388px;height:auto\" srcset=\"https:\/\/i0.wp.com\/thomasbremser.de\/wp-content\/uploads\/2026\/04\/IMG_6920-1.jpeg?w=600&amp;ssl=1 600w, https:\/\/i0.wp.com\/thomasbremser.de\/wp-content\/uploads\/2026\/04\/IMG_6920-1.jpeg?resize=225%2C300&amp;ssl=1 225w\" sizes=\"auto, (max-width: 525px) 100vw, 525px\" \/><\/figure>\n\n\n\n<p class=\"has-medium-font-size\">Chorleiter <a href=\"https:\/\/thomasbremser.de\/?page_id=84\" data-type=\"page\" data-id=\"84\">Thomas Bremser<\/a><br><br>2022 wurde der inklusive Sonnenchor von Michael Kreuzfelder (Vorstand der Caritas Oberhausen) und dem Operns\u00e4nger Thomas Bremser gegr\u00fcndet.<br>Die Proben des Sonnenchores finden immer Donnerstags um 17:00 &#8211; 18:30 Uhr statt.<br><br>Ort: <a href=\"https:\/\/www.caritas-oberhausen.de\/jederman\" data-type=\"link\" data-id=\"https:\/\/www.caritas-oberhausen.de\/jederman\">Bistro Jederman<\/a> &#8211; Caritas Oberhausen &#8211; Gildenstra\u00dfe 19 &#8211; 46117 Oberhausen am Osterfelder Markt<br><br>AKTUELL!<br>Was f\u00fcr eine sch\u00f6ne Anerkennung f\u00fcr unseren Sonnenchor!<\/p>\n\n\n\n<p class=\"has-medium-font-size\">&#8222;Unser inklusiver Sonnenchor wurde mit dem Pr\u00e4dikat \u201eHier klingt\u2019s mir gut\u201c ausgezeichnet \u2013 und wir freuen uns dar\u00fcber von Herzen.<\/p>\n\n\n\n<p class=\"has-medium-font-size\">Im inklusiven Chor singen Menschen mit und ohne Behinderung gemeinsam. Hier geht es nicht um Perfektion, sondern um Teilhabe, Begegnung und die Freude daran, mit der eigenen Stimme Teil einer Gemeinschaft zu sein. Genau daf\u00fcr steht \u201eHier klingt\u2019s mir gut\u201c: f\u00fcr Musik, die Barrieren abbaut, Vielfalt h\u00f6rbar macht und Menschen verbindet.<\/p>\n\n\n\n<p class=\"has-medium-font-size\">Herzlichen Gl\u00fcckwunsch an alle S\u00e4nger:innen und an das ganze Sonnenchor\u2011Team! <img loading=\"lazy\" decoding=\"async\" height=\"16\" width=\"16\" alt=\"&#x1f49b;\" src=\"https:\/\/static.xx.fbcdn.net\/images\/emoji.php\/v9\/tb4\/2\/16\/1f49b.png\"><img loading=\"lazy\" decoding=\"async\" height=\"16\" width=\"16\" alt=\"&#x1f3b6;\" src=\"https:\/\/static.xx.fbcdn.net\/images\/emoji.php\/v9\/tbe\/2\/16\/1f3b6.png\"><\/p>\n\n\n\n<p class=\"has-medium-font-size\">Unser Sonnenchor sucht immer neue Mits\u00e4nger:innen &#8211; komm gerne einfach mal zur Probe vorbei:<br>Der Sonnenchor veranstaltet und singt verschiedene Konzerte im Jahr&#8220; Quelle Facebook Caritas Oberhausen<br><br>2026 gibt es zwei gro\u00dfartige Ereignisse f\u00fcr die wir z.Z. proben:<br><br>12. Juli 2026 Konzert im Rahmen des S\u00e4ngerkreises Oberhausen<br>Im Kaisergarten der Stadt Oberhausen tritt der Sonnenchor gemeinsam mit dem <a href=\"https:\/\/www.sternenstaubchor.de\" data-type=\"link\" data-id=\"https:\/\/www.sternenstaubchor.de\">Sternenstaubchor<\/a> Duisburg zusammen auf.<br><br>14. November 2026 Konzert &#8222;Menschen leuchten&#8220; <\/p>\n\n\n\n<p class=\"has-medium-font-size\"><img data-recalc-dims=\"1\" loading=\"lazy\" decoding=\"async\" width=\"150\" height=\"225\" class=\"wp-image-1466\" style=\"width: 150px;\" src=\"https:\/\/i0.wp.com\/thomasbremser.de\/wp-content\/uploads\/2026\/04\/02D7D592-11BF-459F-BFA3-125D2EF77057.png?resize=150%2C225&#038;ssl=1\" alt=\"\" srcset=\"https:\/\/i0.wp.com\/thomasbremser.de\/wp-content\/uploads\/2026\/04\/02D7D592-11BF-459F-BFA3-125D2EF77057.png?w=1024&amp;ssl=1 1024w, https:\/\/i0.wp.com\/thomasbremser.de\/wp-content\/uploads\/2026\/04\/02D7D592-11BF-459F-BFA3-125D2EF77057.png?resize=200%2C300&amp;ssl=1 200w, https:\/\/i0.wp.com\/thomasbremser.de\/wp-content\/uploads\/2026\/04\/02D7D592-11BF-459F-BFA3-125D2EF77057.png?resize=683%2C1024&amp;ssl=1 683w, https:\/\/i0.wp.com\/thomasbremser.de\/wp-content\/uploads\/2026\/04\/02D7D592-11BF-459F-BFA3-125D2EF77057.png?resize=768%2C1152&amp;ssl=1 768w\" sizes=\"auto, (max-width: 150px) 100vw, 150px\" \/><br>Sonnenchor und Sternenstaubchor gemeinsam.<br><br><br>Geschichte:<br>13. Dezember 2025 im Jederman<br>Zur 100. Jahrestag der Caritas Oberhausen veranstaltete der Chor im Jedermann eine Zeitreise durch 100 Jahre Musik mit Liedern und Geschichten.<br><\/p>\n\n\n\n<figure class=\"wp-block-image size-large\"><img data-recalc-dims=\"1\" loading=\"lazy\" decoding=\"async\" width=\"525\" height=\"525\" src=\"https:\/\/i0.wp.com\/thomasbremser.de\/wp-content\/uploads\/2026\/04\/4750EA3F-0473-4AC8-9BC5-725CD9759CED.png?resize=525%2C525&#038;ssl=1\" alt=\"\" class=\"wp-image-1437\" style=\"aspect-ratio:4\/3;object-fit:cover\" srcset=\"https:\/\/i0.wp.com\/thomasbremser.de\/wp-content\/uploads\/2026\/04\/4750EA3F-0473-4AC8-9BC5-725CD9759CED.png?resize=1024%2C1024&amp;ssl=1 1024w, https:\/\/i0.wp.com\/thomasbremser.de\/wp-content\/uploads\/2026\/04\/4750EA3F-0473-4AC8-9BC5-725CD9759CED.png?resize=300%2C300&amp;ssl=1 300w, https:\/\/i0.wp.com\/thomasbremser.de\/wp-content\/uploads\/2026\/04\/4750EA3F-0473-4AC8-9BC5-725CD9759CED.png?resize=150%2C150&amp;ssl=1 150w, https:\/\/i0.wp.com\/thomasbremser.de\/wp-content\/uploads\/2026\/04\/4750EA3F-0473-4AC8-9BC5-725CD9759CED.png?resize=768%2C768&amp;ssl=1 768w, https:\/\/i0.wp.com\/thomasbremser.de\/wp-content\/uploads\/2026\/04\/4750EA3F-0473-4AC8-9BC5-725CD9759CED.png?resize=100%2C100&amp;ssl=1 100w, https:\/\/i0.wp.com\/thomasbremser.de\/wp-content\/uploads\/2026\/04\/4750EA3F-0473-4AC8-9BC5-725CD9759CED.png?w=1254&amp;ssl=1 1254w\" sizes=\"auto, (max-width: 767px) 89vw, (max-width: 1000px) 54vw, (max-width: 1071px) 543px, 580px\" \/><\/figure>\n\n\n\n<p><br><\/p>\n\n\n\n<figure class=\"wp-block-image size-full\"><img data-recalc-dims=\"1\" loading=\"lazy\" decoding=\"async\" width=\"525\" height=\"742\" src=\"https:\/\/i0.wp.com\/thomasbremser.de\/wp-content\/uploads\/2026\/04\/IMG_5839.jpeg?resize=525%2C742&#038;ssl=1\" alt=\"\" class=\"wp-image-1442\" srcset=\"https:\/\/i0.wp.com\/thomasbremser.de\/wp-content\/uploads\/2026\/04\/IMG_5839.jpeg?w=679&amp;ssl=1 679w, https:\/\/i0.wp.com\/thomasbremser.de\/wp-content\/uploads\/2026\/04\/IMG_5839.jpeg?resize=212%2C300&amp;ssl=1 212w\" sizes=\"auto, (max-width: 525px) 100vw, 525px\" \/><\/figure>\n\n\n\n<figure class=\"wp-block-image size-large\"><img data-recalc-dims=\"1\" loading=\"lazy\" decoding=\"async\" width=\"525\" height=\"525\" src=\"https:\/\/i0.wp.com\/thomasbremser.de\/wp-content\/uploads\/2026\/04\/15DEB28E-6650-42CB-83C5-6132310058CA.png?resize=525%2C525&#038;ssl=1\" alt=\"\" class=\"wp-image-1460\" srcset=\"https:\/\/i0.wp.com\/thomasbremser.de\/wp-content\/uploads\/2026\/04\/15DEB28E-6650-42CB-83C5-6132310058CA.png?resize=1024%2C1024&amp;ssl=1 1024w, https:\/\/i0.wp.com\/thomasbremser.de\/wp-content\/uploads\/2026\/04\/15DEB28E-6650-42CB-83C5-6132310058CA.png?resize=300%2C300&amp;ssl=1 300w, https:\/\/i0.wp.com\/thomasbremser.de\/wp-content\/uploads\/2026\/04\/15DEB28E-6650-42CB-83C5-6132310058CA.png?resize=150%2C150&amp;ssl=1 150w, https:\/\/i0.wp.com\/thomasbremser.de\/wp-content\/uploads\/2026\/04\/15DEB28E-6650-42CB-83C5-6132310058CA.png?resize=768%2C768&amp;ssl=1 768w, https:\/\/i0.wp.com\/thomasbremser.de\/wp-content\/uploads\/2026\/04\/15DEB28E-6650-42CB-83C5-6132310058CA.png?resize=100%2C100&amp;ssl=1 100w, https:\/\/i0.wp.com\/thomasbremser.de\/wp-content\/uploads\/2026\/04\/15DEB28E-6650-42CB-83C5-6132310058CA.png?w=1254&amp;ssl=1 1254w\" sizes=\"auto, (max-width: 767px) 89vw, (max-width: 1000px) 54vw, (max-width: 1071px) 543px, 580px\" \/><\/figure>\n\n\n\n<figure class=\"wp-block-image size-large\"><img data-recalc-dims=\"1\" loading=\"lazy\" decoding=\"async\" width=\"525\" height=\"787\" src=\"https:\/\/i0.wp.com\/thomasbremser.de\/wp-content\/uploads\/2026\/04\/IMG_5923.jpeg?resize=525%2C787&#038;ssl=1\" alt=\"\" class=\"wp-image-1462\" srcset=\"https:\/\/i0.wp.com\/thomasbremser.de\/wp-content\/uploads\/2026\/04\/IMG_5923.jpeg?resize=683%2C1024&amp;ssl=1 683w, https:\/\/i0.wp.com\/thomasbremser.de\/wp-content\/uploads\/2026\/04\/IMG_5923.jpeg?resize=200%2C300&amp;ssl=1 200w, https:\/\/i0.wp.com\/thomasbremser.de\/wp-content\/uploads\/2026\/04\/IMG_5923.jpeg?resize=768%2C1152&amp;ssl=1 768w, https:\/\/i0.wp.com\/thomasbremser.de\/wp-content\/uploads\/2026\/04\/IMG_5923.jpeg?w=1024&amp;ssl=1 1024w\" sizes=\"auto, (max-width: 525px) 100vw, 525px\" \/><\/figure>\n","protected":false},"excerpt":{"rendered":"<p>https:\/\/youtu.be\/1pGiyZivijA Chorleiter Thomas Bremser 2022 wurde der inklusive Sonnenchor von Michael Kreuzfelder (Vorstand der Caritas Oberhausen) und dem Operns\u00e4nger Thomas Bremser gegr\u00fcndet.Die Proben des Sonnenchores finden immer Donnerstags um 17:00 &#8211; 18:30 Uhr statt. Ort: Bistro Jederman &#8211; Caritas Oberhausen &#8211; Gildenstra\u00dfe 19 &#8211; 46117 Oberhausen am Osterfelder Markt AKTUELL!Was f\u00fcr eine sch\u00f6ne Anerkennung f\u00fcr &hellip; <\/p>\n<p class=\"link-more\"><a href=\"https:\/\/thomasbremser.de\/?page_id=1441\" class=\"more-link\"><span class=\"screen-reader-text\">\u201eSonnenchor Caritas Oberhausen\u201c<\/span> weiterlesen<\/a><\/p>\n","protected":false},"author":1,"featured_media":1438,"parent":0,"menu_order":0,"comment_status":"closed","ping_status":"closed","template":"","meta":{"footnotes":""},"class_list":["post-1441","page","type-page","status-publish","has-post-thumbnail","hentry"],"jetpack-related-posts":[],"jetpack_sharing_enabled":true,"_links":{"self":[{"href":"https:\/\/thomasbremser.de\/index.php?rest_route=\/wp\/v2\/pages\/1441","targetHints":{"allow":["GET"]}}],"collection":[{"href":"https:\/\/thomasbremser.de\/index.php?rest_route=\/wp\/v2\/pages"}],"about":[{"href":"https:\/\/thomasbremser.de\/index.php?rest_route=\/wp\/v2\/types\/page"}],"author":[{"embeddable":true,"href":"https:\/\/thomasbremser.de\/index.php?rest_route=\/wp\/v2\/users\/1"}],"replies":[{"embeddable":true,"href":"https:\/\/thomasbremser.de\/index.php?rest_route=%2Fwp%2Fv2%2Fcomments&post=1441"}],"version-history":[{"count":10,"href":"https:\/\/thomasbremser.de\/index.php?rest_route=\/wp\/v2\/pages\/1441\/revisions"}],"predecessor-version":[{"id":1467,"href":"https:\/\/thomasbremser.de\/index.php?rest_route=\/wp\/v2\/pages\/1441\/revisions\/1467"}],"wp:featuredmedia":[{"embeddable":true,"href":"https:\/\/thomasbremser.de\/index.php?rest_route=\/wp\/v2\/media\/1438"}],"wp:attachment":[{"href":"https:\/\/thomasbremser.de\/index.php?rest_route=%2Fwp%2Fv2%2Fmedia&parent=1441"}],"curies":[{"name":"wp","href":"https:\/\/api.w.org\/{rel}","templated":true}]}}