{"id":84,"date":"2019-04-16T03:50:14","date_gmt":"2019-04-16T03:50:14","guid":{"rendered":"https:\/\/thomasbremser.de\/?page_id=84"},"modified":"2026-04-10T05:12:19","modified_gmt":"2026-04-10T05:12:19","slug":"biografie-thomas-bremser","status":"publish","type":"page","link":"https:\/\/thomasbremser.de\/?page_id=84","title":{"rendered":"Biografie Thomas Bremser"},"content":{"rendered":"\n<figure class=\"wp-block-image size-large\"><img data-recalc-dims=\"1\" loading=\"lazy\" decoding=\"async\" width=\"525\" height=\"406\" src=\"https:\/\/i0.wp.com\/thomasbremser.de\/wp-content\/uploads\/2026\/03\/IMG_6655.jpeg?resize=525%2C406&#038;ssl=1\" alt=\"\" class=\"wp-image-1420\" srcset=\"https:\/\/i0.wp.com\/thomasbremser.de\/wp-content\/uploads\/2026\/03\/IMG_6655.jpeg?resize=1024%2C791&amp;ssl=1 1024w, https:\/\/i0.wp.com\/thomasbremser.de\/wp-content\/uploads\/2026\/03\/IMG_6655.jpeg?resize=300%2C232&amp;ssl=1 300w, https:\/\/i0.wp.com\/thomasbremser.de\/wp-content\/uploads\/2026\/03\/IMG_6655.jpeg?resize=768%2C593&amp;ssl=1 768w, https:\/\/i0.wp.com\/thomasbremser.de\/wp-content\/uploads\/2026\/03\/IMG_6655.jpeg?w=1179&amp;ssl=1 1179w\" sizes=\"auto, (max-width: 767px) 89vw, (max-width: 1000px) 54vw, (max-width: 1071px) 543px, 580px\" \/><figcaption class=\"wp-element-caption\">Screenshot<\/figcaption><\/figure>\n\n\n\n<figure class=\"wp-block-image size-full\"><img data-recalc-dims=\"1\" loading=\"lazy\" decoding=\"async\" width=\"525\" height=\"525\" src=\"https:\/\/i0.wp.com\/thomasbremser.de\/wp-content\/uploads\/2026\/01\/7797A332-417C-4A36-AB5B-A0903F1DA893.png?resize=525%2C525&#038;ssl=1\" alt=\"\" class=\"wp-image-1388\" srcset=\"https:\/\/i0.wp.com\/thomasbremser.de\/wp-content\/uploads\/2026\/01\/7797A332-417C-4A36-AB5B-A0903F1DA893.png?w=1024&amp;ssl=1 1024w, https:\/\/i0.wp.com\/thomasbremser.de\/wp-content\/uploads\/2026\/01\/7797A332-417C-4A36-AB5B-A0903F1DA893.png?resize=300%2C300&amp;ssl=1 300w, https:\/\/i0.wp.com\/thomasbremser.de\/wp-content\/uploads\/2026\/01\/7797A332-417C-4A36-AB5B-A0903F1DA893.png?resize=150%2C150&amp;ssl=1 150w, https:\/\/i0.wp.com\/thomasbremser.de\/wp-content\/uploads\/2026\/01\/7797A332-417C-4A36-AB5B-A0903F1DA893.png?resize=768%2C768&amp;ssl=1 768w, https:\/\/i0.wp.com\/thomasbremser.de\/wp-content\/uploads\/2026\/01\/7797A332-417C-4A36-AB5B-A0903F1DA893.png?resize=100%2C100&amp;ssl=1 100w\" sizes=\"auto, (max-width: 767px) 89vw, (max-width: 1000px) 54vw, (max-width: 1071px) 543px, 580px\" \/><\/figure>\n\n\n\n<p><br>Aktuelles<br>Seit Dezember 2021 nehme ich Gesangsunterricht bei Prof. <a href=\"https:\/\/www.renatebehle.de\/index.php\/home.html\" target=\"_blank\" rel=\"noreferrer noopener\">Renate Behle<\/a> in Hamburg.<\/p>\n\n\n\n<p><strong><br>Meisterkurse<br><\/strong>Thomas Bremser absolvierte zahlreiche Meisterkurse u.a. bei Emma Kirkby, Paul Esswood, Anner Bijlsma, Ren\u00e9 Jacobs und Max van Egmond. 1985 wurde er von dem damaligen Intendanten Michael Hampe als Solist an die K\u00f6lner Oper verpflichtet. Studien f\u00fchrten ihn an das Mozarteum in Salzburg, wo er von Nikolaus Harnoncourt im Jahr 1989 musikdramatisc<strong>hen <\/strong>Unterricht erhielt.<strong><br> Oper u. Konzert<br> <\/strong>1996 wurde er als Gast an die Bayerische Staatsoper M\u00fcnchen verpflichtet. Im selben Jahr deb\u00fctierte er als H\u00e4nsel an der K\u00f6lner Oper. Auf internationalen Konzertreisen sang Thomas Bremser u.a. unter der Leitung von Christopher Hogwood, Frieder Bernius, Howard Amman, Georg Fischer und Arnold \u00d6stman. 2002 deb\u00fctierte Thomas Bremser als\u201eSchwan\u201c in der (Carmina Burana) in der K\u00f6lner Philharmonie.<br> <img data-recalc-dims=\"1\" loading=\"lazy\" decoding=\"async\" width=\"150\" height=\"213\" class=\"wp-image-250\" style=\"width: 150px;\" src=\"https:\/\/i0.wp.com\/thomasbremser.de\/wp-content\/uploads\/2019\/07\/thomas_haensel-1963-im-kindergarten1.jpg?resize=150%2C213\" alt=\"\"><br><strong>Schauspiel \/ Musiktheater<\/strong><br>2016\/2017&nbsp; &#8222;Die M\u00f6glichkeit einer Insel &#8220; von M. Houellebeq die; Rolle des &#8222;Vincent&#8220;.<br>Theater an der Ruhr \/ VOLXB\u00dcHNE M\u00fclheim.<br> <strong><br>P\u00e4dagogik<br><\/strong>Ende Spielzeit 2000\/2001 freiwilliges Ausscheiden, nach \u00fcber 9 Jahren, aus dem Ensemble der Oper der Stadt K\u00f6ln. Von Juli 2001 bis Oktober 2003 studierte Thomas Bremser vier Semester Logop\u00e4die in Bochum. 2002 erh\u00e4lt er bei Jan Fischer Unterricht in der \u201eFunktionalen Methode&#8220; nach Gisela Rohmert im Lichtenberger Institut.<br><br><img data-recalc-dims=\"1\" loading=\"lazy\" decoding=\"async\" width=\"150\" height=\"85\" class=\"wp-image-260\" style=\"width: 150px;\" src=\"https:\/\/i0.wp.com\/thomasbremser.de\/wp-content\/uploads\/2019\/07\/logobundb050719web1.jpg?resize=150%2C85\" alt=\"\" srcset=\"https:\/\/i0.wp.com\/thomasbremser.de\/wp-content\/uploads\/2019\/07\/logobundb050719web1.jpg?w=2337&amp;ssl=1 2337w, https:\/\/i0.wp.com\/thomasbremser.de\/wp-content\/uploads\/2019\/07\/logobundb050719web1.jpg?resize=300%2C169&amp;ssl=1 300w, https:\/\/i0.wp.com\/thomasbremser.de\/wp-content\/uploads\/2019\/07\/logobundb050719web1.jpg?resize=768%2C433&amp;ssl=1 768w, https:\/\/i0.wp.com\/thomasbremser.de\/wp-content\/uploads\/2019\/07\/logobundb050719web1.jpg?resize=1024%2C578&amp;ssl=1 1024w, https:\/\/i0.wp.com\/thomasbremser.de\/wp-content\/uploads\/2019\/07\/logobundb050719web1.jpg?w=1575&amp;ssl=1 1575w\" sizes=\"auto, (max-width: 150px) 100vw, 150px\" \/><br><strong>Ensembles<br><\/strong><br>Thomas Bremser gr\u00fcndete 2000 das Ensemble Zungenreden mit der Akkordeonistin Britta Antunes. Zahlreiche Liederprogramme f\u00fchrten das Ensemble Zungenreden u.a. an die K\u00f6lner Oper, Museum Wilhelm Lehmbruck, das Ludwig Forum, K\u00fcppersm\u00fchle und andere. Thomas Bremser ist Gr\u00fcnder des Thomas B Duo mit dem Lautenisten Thomas Bocklenberg.<br><br>2019 das Duo Brandenburg &amp; Bremser.<br><br><img data-recalc-dims=\"1\" loading=\"lazy\" decoding=\"async\" width=\"150\" height=\"212\" class=\"wp-image-257\" style=\"width: 150px;\" src=\"https:\/\/i0.wp.com\/thomasbremser.de\/wp-content\/uploads\/2019\/07\/oar36.jpg?resize=150%2C212\" alt=\"\" srcset=\"https:\/\/i0.wp.com\/thomasbremser.de\/wp-content\/uploads\/2019\/07\/oar36.jpg?w=4677&amp;ssl=1 4677w, https:\/\/i0.wp.com\/thomasbremser.de\/wp-content\/uploads\/2019\/07\/oar36.jpg?resize=212%2C300&amp;ssl=1 212w, https:\/\/i0.wp.com\/thomasbremser.de\/wp-content\/uploads\/2019\/07\/oar36.jpg?resize=768%2C1085&amp;ssl=1 768w, https:\/\/i0.wp.com\/thomasbremser.de\/wp-content\/uploads\/2019\/07\/oar36.jpg?resize=725%2C1024&amp;ssl=1 725w, https:\/\/i0.wp.com\/thomasbremser.de\/wp-content\/uploads\/2019\/07\/oar36.jpg?w=1050&amp;ssl=1 1050w, https:\/\/i0.wp.com\/thomasbremser.de\/wp-content\/uploads\/2019\/07\/oar36.jpg?w=1575&amp;ssl=1 1575w\" sizes=\"auto, (max-width: 150px) 100vw, 150px\" \/><br><strong>Musikkritiker, <\/strong><a href=\"http:\/\/www.thomasbremser.de\/faustl.html\"><strong>Autor<\/strong><\/a><strong>Komponist<br><\/strong>Als Autor erz\u00e4hlt er in seinem Zyklus Orpheus am Rhein (2004-2024) in verschiedenen Veranstaltungen die Geschichte von Orpheus und Eurydike neu. Gesamtkunstwerk: <strong>Triumvirat<\/strong> mit Orpheus, Odysseus und Messias. <br><br><img data-recalc-dims=\"1\" loading=\"lazy\" decoding=\"async\" width=\"150\" height=\"212\" class=\"wp-image-256\" style=\"width: 150px;\" src=\"https:\/\/i0.wp.com\/thomasbremser.de\/wp-content\/uploads\/2019\/07\/caterinuccia_oar56.jpg?resize=150%2C212\" alt=\"\" srcset=\"https:\/\/i0.wp.com\/thomasbremser.de\/wp-content\/uploads\/2019\/07\/caterinuccia_oar56.jpg?w=298&amp;ssl=1 298w, https:\/\/i0.wp.com\/thomasbremser.de\/wp-content\/uploads\/2019\/07\/caterinuccia_oar56.jpg?resize=212%2C300&amp;ssl=1 212w\" sizes=\"auto, (max-width: 150px) 100vw, 150px\" \/><br><br>Eine Musikrevue \u00fcber K\u00f6nig David ist geplant. <br><a href=\"http:\/\/www.thomasbremser.de\/faustl.html\">FAUSTL<\/a> und DER ROTE FADEN PREMIERE 16.6.2019<br><br><img data-recalc-dims=\"1\" loading=\"lazy\" decoding=\"async\" width=\"150\" height=\"211\" class=\"wp-image-173\" style=\"width: 150px;\" src=\"https:\/\/i0.wp.com\/thomasbremser.de\/wp-content\/uploads\/2019\/04\/FE8B2833-59C6-41F0-9420-D391AD2DD992.jpeg?resize=150%2C211\" alt=\"\" srcset=\"https:\/\/i0.wp.com\/thomasbremser.de\/wp-content\/uploads\/2019\/04\/FE8B2833-59C6-41F0-9420-D391AD2DD992.jpeg?w=683&amp;ssl=1 683w, https:\/\/i0.wp.com\/thomasbremser.de\/wp-content\/uploads\/2019\/04\/FE8B2833-59C6-41F0-9420-D391AD2DD992.jpeg?resize=213%2C300&amp;ssl=1 213w\" sizes=\"auto, (max-width: 150px) 100vw, 150px\" \/><br><br><strong>Schulen<br><\/strong>Seit 2006 engagiert sich Thomas Bremser im Bereich Kultur und Schule, im Auftrag des Landes NRW. Von 2012 &#8211; 2021 war er im Projekt Jekits der Landesstiftung NRW im Auftrag <br>einer freien Duisburger Musikschule an der GGS Mozartschule, ebenfalls in Duisburg, besch\u00e4ftigt.<strong>&#8222;Musikmagier&#8220;<\/strong> Schulsozialarbeiter-Projekt GGS Schulstra\u00dfe Duisburg Walsum. 2021\/2022 &#8222;Zauberfl\u00f6te f\u00fcr Kinder&#8220;<\/p>\n\n\n\n<p>2022 Krupp-Gymnasium, Oberstufen-H\u00f6rspiel &#8211; Vocalcoach<br><br><img data-recalc-dims=\"1\" loading=\"lazy\" decoding=\"async\" width=\"150\" height=\"120\" class=\"wp-image-222\" style=\"width: 150px;\" src=\"https:\/\/i0.wp.com\/thomasbremser.de\/wp-content\/uploads\/2019\/07\/lauschen1.jpg?resize=150%2C120\" alt=\"\" srcset=\"https:\/\/i0.wp.com\/thomasbremser.de\/wp-content\/uploads\/2019\/07\/lauschen1.jpg?w=960&amp;ssl=1 960w, https:\/\/i0.wp.com\/thomasbremser.de\/wp-content\/uploads\/2019\/07\/lauschen1.jpg?resize=300%2C239&amp;ssl=1 300w, https:\/\/i0.wp.com\/thomasbremser.de\/wp-content\/uploads\/2019\/07\/lauschen1.jpg?resize=768%2C613&amp;ssl=1 768w\" sizes=\"auto, (max-width: 150px) 100vw, 150px\" \/><br><br><strong>Gesangslehrer \/ Vocalcoach<br><\/strong>Thomas Bremser arbeitet seit 2003 als Gesangslehrer, Stimmbildner, Autor und Komponist in seinem eigenen Gesangs-u. Musikstudio in Duisburg Duissern. Au\u00dferdem veranstaltet er Stimmseminare f\u00fcr Ch\u00f6re und Gesangsgruppen.<br><strong>Sternenstaubchor<\/strong><br><img data-recalc-dims=\"1\" loading=\"lazy\" decoding=\"async\" width=\"525\" height=\"656\" class=\"wp-image-1114\" style=\"width: 600px;\" src=\"https:\/\/i0.wp.com\/thomasbremser.de\/wp-content\/uploads\/2022\/05\/plakat1.png?resize=525%2C656&#038;ssl=1\" alt=\"\" srcset=\"https:\/\/i0.wp.com\/thomasbremser.de\/wp-content\/uploads\/2022\/05\/plakat1.png?w=1080&amp;ssl=1 1080w, https:\/\/i0.wp.com\/thomasbremser.de\/wp-content\/uploads\/2022\/05\/plakat1.png?resize=240%2C300&amp;ssl=1 240w, https:\/\/i0.wp.com\/thomasbremser.de\/wp-content\/uploads\/2022\/05\/plakat1.png?resize=819%2C1024&amp;ssl=1 819w, https:\/\/i0.wp.com\/thomasbremser.de\/wp-content\/uploads\/2022\/05\/plakat1.png?resize=768%2C960&amp;ssl=1 768w\" sizes=\"auto, (max-width: 525px) 100vw, 525px\" \/><br><br><br>April 2017 gr\u00fcndet er den<a href=\"http:\/\/www.thomasbremser.de\/sternenstaubchor.html\"> STERNENSTAUBCHOR <\/a>in Duisburg.<br><br><strong>Zungenreden 202<\/strong>2<\/p>\n\n\n\n<p><img data-recalc-dims=\"1\" loading=\"lazy\" decoding=\"async\" width=\"525\" height=\"450\" class=\"wp-image-465\" style=\"width: 600px;\" src=\"https:\/\/i0.wp.com\/thomasbremser.de\/wp-content\/uploads\/2021\/09\/35CEAD28-C89D-445E-8605-9AB130785F1F.jpeg?resize=525%2C450\" alt=\"Zungenreden\" srcset=\"https:\/\/i0.wp.com\/thomasbremser.de\/wp-content\/uploads\/2021\/09\/35CEAD28-C89D-445E-8605-9AB130785F1F.jpeg?w=2000&amp;ssl=1 2000w, https:\/\/i0.wp.com\/thomasbremser.de\/wp-content\/uploads\/2021\/09\/35CEAD28-C89D-445E-8605-9AB130785F1F.jpeg?resize=300%2C257&amp;ssl=1 300w, https:\/\/i0.wp.com\/thomasbremser.de\/wp-content\/uploads\/2021\/09\/35CEAD28-C89D-445E-8605-9AB130785F1F.jpeg?resize=1024%2C878&amp;ssl=1 1024w, https:\/\/i0.wp.com\/thomasbremser.de\/wp-content\/uploads\/2021\/09\/35CEAD28-C89D-445E-8605-9AB130785F1F.jpeg?resize=768%2C658&amp;ssl=1 768w, https:\/\/i0.wp.com\/thomasbremser.de\/wp-content\/uploads\/2021\/09\/35CEAD28-C89D-445E-8605-9AB130785F1F.jpeg?resize=1536%2C1316&amp;ssl=1 1536w\" sizes=\"auto, (max-width: 525px) 100vw, 525px\" \/><\/p>\n\n\n\n<p>ARIADNE Der Rote Faden 2023<\/p>\n\n\n\n<figure class=\"wp-block-image size-large\"><img data-recalc-dims=\"1\" loading=\"lazy\" decoding=\"async\" width=\"525\" height=\"275\" src=\"https:\/\/i0.wp.com\/thomasbremser.de\/wp-content\/uploads\/2022\/01\/EC047582-89E2-4776-84CB-3ECDB2D69A3B.png?resize=525%2C275&#038;ssl=1\" alt=\"\" class=\"wp-image-1029\" srcset=\"https:\/\/i0.wp.com\/thomasbremser.de\/wp-content\/uploads\/2022\/01\/EC047582-89E2-4776-84CB-3ECDB2D69A3B.png?resize=1024%2C536&amp;ssl=1 1024w, https:\/\/i0.wp.com\/thomasbremser.de\/wp-content\/uploads\/2022\/01\/EC047582-89E2-4776-84CB-3ECDB2D69A3B.png?resize=300%2C157&amp;ssl=1 300w, https:\/\/i0.wp.com\/thomasbremser.de\/wp-content\/uploads\/2022\/01\/EC047582-89E2-4776-84CB-3ECDB2D69A3B.png?resize=768%2C402&amp;ssl=1 768w, https:\/\/i0.wp.com\/thomasbremser.de\/wp-content\/uploads\/2022\/01\/EC047582-89E2-4776-84CB-3ECDB2D69A3B.png?w=1200&amp;ssl=1 1200w\" sizes=\"auto, (max-width: 767px) 89vw, (max-width: 1000px) 54vw, (max-width: 1071px) 543px, 580px\" \/><\/figure>\n\n\n\n<p>April 2017 gr\u00fcndet er den<a href=\"http:\/\/www.thomasbremser.de\/sternenstaubchor.html\"> STERNENSTAUBCHOR <\/a>in Duisburg.<br>M\u00e4rz 2022 Mitbegr\u00fcnder von dem CHOR HEIMATHAFEN in Duisburg Ruhrort<\/p>\n\n\n\n<p><strong>Gesangslehrer \/ Vocalcoach<\/strong><br>Thomas Bremser arbeitet seit 2003 als Gesangslehrer, Stimmbildner, <strong><a href=\"http:\/\/www.thomasbremser.de\/faustl.html\">Autor <\/a><\/strong>und Komponist in seinem eigenen Gesangs-u. Musikstudio&nbsp;in Duisburg Duissern. Au\u00dferdem veranstaltet er Stimmseminare f\u00fcr Ch\u00f6re und Gesangsgruppen.<br> <br><strong>Gesangsunterricht<\/strong><br>Privater Gesangsunterricht&nbsp;auf Anfrage. <br><br><a href=\"https:\/\/thomasbremser.de\/?p=40\" data-type=\"post\" data-id=\"40\">Preise<\/a><br><br>Mobil 0151 29103158<br> <br> <strong>Thomas Bremser, Altus<\/strong><\/p>\n\n\n\n<p>erhielt seinen ersten Trompetenunterricht im Alter von 8 Jahren und sang als Knabensopran in St.Lamberti zu Hildesheim. Er nahm Trompetenunterricht bei Heribert Prell (M\u00f6nchengladbach), nahm w\u00e4hrend seiner Zeit als Trompeter im Heeresmusikkorps 7 in D\u00fcsseldorf Unterricht an der Musikhochschule K\u00f6ln bei Adam Bauer. Zus\u00e4tzlich nahm er Stunden bei Walter Holy (Collegium Musicum WDR) im Fach Barocktrompete.<br> <br>1984 studierte er an der Robert-Schumann-Hochschule u.a. bei Hea Soon Park,&nbsp; Heinz Julius Scholz und Michaela Kr\u00e4mer das Fach Altus \/ Counter-Tenor. Gesangunterricht bei Ingeborg Reichelt. 2002 bei Jan Fischer im Lichtenberger Institut.<br>2021 Gesangsunterricht bei Renate Behle in Hamburg.<\/p>\n\n\n\n<p><br><br><strong>Gesangsunterricht<br><\/strong>Privater <a href=\"http:\/\/www.thomasbremser.de\/gesangsunterricht.html\">Gesangsunterricht <\/a>auf Anfrage.<br><img data-recalc-dims=\"1\" loading=\"lazy\" decoding=\"async\" width=\"150\" height=\"209\" class=\"wp-image-218\" style=\"width: 150px;\" alt=\"\" src=\"https:\/\/i0.wp.com\/thomasbremser.de\/wp-content\/uploads\/2019\/07\/mikrou87.jpg?resize=150%2C209\" srcset=\"https:\/\/i0.wp.com\/thomasbremser.de\/wp-content\/uploads\/2019\/07\/mikrou87.jpg?w=373&amp;ssl=1 373w, https:\/\/i0.wp.com\/thomasbremser.de\/wp-content\/uploads\/2019\/07\/mikrou87.jpg?resize=215%2C300&amp;ssl=1 215w\" sizes=\"auto, (max-width: 150px) 100vw, 150px\" \/><br><br><strong>Kontakt<br><\/strong>Thomas Bremser<br>K\u00f6nigsberger Allee 60<br>47058 Duisburg<br><br><br>Mobil 0151 291 031 58<br><br><br>Mail <a href=\"mailto:thomasbremser@googlemail.com\">thomasbremser@googlemail.<\/a><\/p>\n","protected":false},"excerpt":{"rendered":"<p>AktuellesSeit Dezember 2021 nehme ich Gesangsunterricht bei Prof. Renate Behle in Hamburg. MeisterkurseThomas Bremser absolvierte zahlreiche Meisterkurse u.a. bei Emma Kirkby, Paul Esswood, Anner Bijlsma, Ren\u00e9 Jacobs und Max van Egmond. 1985 wurde er von dem damaligen Intendanten Michael Hampe als Solist an die K\u00f6lner Oper verpflichtet. Studien f\u00fchrten ihn an das Mozarteum in Salzburg, &hellip; <\/p>\n<p class=\"link-more\"><a href=\"https:\/\/thomasbremser.de\/?page_id=84\" class=\"more-link\"><span class=\"screen-reader-text\">\u201eBiografie Thomas Bremser\u201c<\/span> weiterlesen<\/a><\/p>\n","protected":false},"author":1,"featured_media":47,"parent":0,"menu_order":0,"comment_status":"closed","ping_status":"closed","template":"","meta":{"footnotes":""},"class_list":["post-84","page","type-page","status-publish","has-post-thumbnail","hentry"],"jetpack-related-posts":[],"jetpack_sharing_enabled":true,"_links":{"self":[{"href":"https:\/\/thomasbremser.de\/index.php?rest_route=\/wp\/v2\/pages\/84","targetHints":{"allow":["GET"]}}],"collection":[{"href":"https:\/\/thomasbremser.de\/index.php?rest_route=\/wp\/v2\/pages"}],"about":[{"href":"https:\/\/thomasbremser.de\/index.php?rest_route=\/wp\/v2\/types\/page"}],"author":[{"embeddable":true,"href":"https:\/\/thomasbremser.de\/index.php?rest_route=\/wp\/v2\/users\/1"}],"replies":[{"embeddable":true,"href":"https:\/\/thomasbremser.de\/index.php?rest_route=%2Fwp%2Fv2%2Fcomments&post=84"}],"version-history":[{"count":22,"href":"https:\/\/thomasbremser.de\/index.php?rest_route=\/wp\/v2\/pages\/84\/revisions"}],"predecessor-version":[{"id":1432,"href":"https:\/\/thomasbremser.de\/index.php?rest_route=\/wp\/v2\/pages\/84\/revisions\/1432"}],"wp:featuredmedia":[{"embeddable":true,"href":"https:\/\/thomasbremser.de\/index.php?rest_route=\/wp\/v2\/media\/47"}],"wp:attachment":[{"href":"https:\/\/thomasbremser.de\/index.php?rest_route=%2Fwp%2Fv2%2Fmedia&parent=84"}],"curies":[{"name":"wp","href":"https:\/\/api.w.org\/{rel}","templated":true}]}}